
{"id":225267,"date":"2022-03-17T08:40:47","date_gmt":"2022-03-17T08:40:47","guid":{"rendered":"https:\/\/127.0.0.1\/registration-for-the-webinar\/"},"modified":"2022-03-17T08:40:47","modified_gmt":"2022-03-17T08:40:47","slug":"registration-for-the-webinar","status":"publish","type":"page","link":"https:\/\/www.sellerlogic.com\/hu\/registration-for-the-webinar\/","title":{"rendered":"Regisztr\u00e1ci\u00f3 a webin\u00e1riumra"},"content":{"rendered":"\n\t<div  class=\"theme-wp-block theme-block-main-header desktop-content-align-y-center desktop-content-align-x-center xl-content-align-y-center xl-content-align-x-center lg-content-align-y-center lg-content-align-x-center md-content-align-y-center md-content-align-x-center sm-content-align-y-center sm-content-align-x-center gb-responsive-349165-identifier desktop-align-full xl-align-full lg-align-full md-align-full sm-align-full is-style-default theme-block-cover\">\n\t\t<div class=\"bg-cover theme-lazy-load-bg\"><\/div>\n\t\t<div class=\"wrap-content-main-header\">\n\t\t\t\t\t<div  class=\"theme-wp-block theme-block-text-and-text desktop-align-wide xl-align-wide lg-align-wide md-align-wide sm-align-wide desktop-blockDirection-row xl-blockDirection-row lg-blockDirection-row md-blockDirection-row sm-blockDirection-row gb-responsive-473561-identifier desktop-vertical-center xl-vertical-center lg-vertical-center md-vertical-center sm-vertical-center alignwide\">\n\t\t<div class=\"tat-column-wrap-wrapper\">\n\t\t\t<div class=\"tat-column-wrapper\">\n\t\t\t\t\t<div  class=\"theme-wp-block theme-block-text-and-text-column gb-responsive-667797-identifier desktop-horizontal-center xl-horizontal-center lg-horizontal-center md-horizontal-center sm-horizontal-center\">\n\t\t<div class=\"inner-wrap-column-content\">\n\t\t\t<div class=\"inner-column-content\">\n\t\t\t\t<div class=\"theme-wp-block wp-block-columns are-vertically-aligned-center gb-responsive-685022-identifier is-layout-flex wp-container-core-columns-is-layout-9d6595d7 wp-block-columns-is-layout-flex\"><div class=\"theme-wp-block wp-block-column is-vertically-aligned-center gb-responsive-821359-identifier is-layout-flow wp-block-column-is-layout-flow\"><div class=\"theme-block-group-wrap\"><div class=\"theme-wp-block wp-block-group gb-responsive-395462-identifier has-white-color has-text-color\"><h1 class=\"theme-wp-block wp-block-heading has-text-align-center gb-responsive-181751-identifier desktop-text-center xl-text-center lg-text-center md-text-center sm-text-center\">Szeretne t\u00faltekinteni az Amazon horizontj\u00e1n?<\/h1><h2 class=\"theme-wp-block wp-block-heading has-text-align-center gb-responsive-42443-identifier desktop-text-center xl-text-center lg-text-center md-text-center sm-text-center\">Akkor regisztr\u00e1ljon a webin\u00e1riumunkra!<\/h2><hr class=\"theme-wp-block wp-block-separator has-css-opacity\"><\/hr><\/div><\/div><\/div><div class=\"theme-wp-block wp-block-column is-vertically-aligned-center gb-responsive-247885-identifier is-layout-flow wp-block-column-is-layout-flow\"><div class=\"theme-block-group-wrap\"><div class=\"theme-wp-block wp-block-group gb-responsive-539307-identifier has-theme-light-gray-background-color has-background\"><h3 class=\"theme-wp-block wp-block-heading has-text-align-center gb-responsive-488462-identifier desktop-text-center xl-text-center lg-text-center md-text-center sm-text-center\">Legyen ott a kezdetekt\u0151l fogva!<\/h3><div id=\"webinar-form\" class=\"theme-wp-block webinar-form\" style=\"position: relative;\"><p>Adja meg nev\u00e9t \u00e9s e-mail c\u00edm\u00e9t a webin\u00e1riumunkra val\u00f3 regisztr\u00e1ci\u00f3hoz.<br><\/p><form id=\"leadform\" action=\"#\" method=\"post\"><input type=\"text\" name=\"name\" id=\"name\" placeholder=\"A neve\" required=\"required\" style=\"padding: 10px; font-size: 18px; width: 100%; margin-bottom: 15px; color: rgb(88, 88, 88);\"><\/input><input type=\"email\" name=\"email\" id=\"email\" placeholder=\"Az e-mail c\u00edme\" required=\"required\" data-com-onepassword-filled=\"light\" style=\"padding: 10px; font-size: 18px; width: 100%; margin-bottom: 15px; color: rgb(88, 88, 88);\"><\/input><input type=\"submit\" value=\"Regisztr\u00e1ljon ingyen most\" id=\"submit\" style=\"padding: 10px; font-size: 18px; width: 100%; margin-bottom: 15px; color: rgb(255, 255, 255); background-color: rgb(255, 170, 1); cursor: pointer;\"><\/input><p style=\"margin-bottom: 10px; font-size: 12px;\">Az adatok feldolgoz\u00e1sa a <a href=\"https:\/\/www.sellerlogic.com\/en\/privacy-policy\/\" target=\"_blank\" draggable=\"false\" rel=\"noopener noreferrer\">adatv\u00e9delmi ir\u00e1nyelveinknek<\/a> megfelel\u0151en t\u00f6rt\u00e9nik. Az al\u00e1bbi regisztr\u00e1ci\u00f3val \u00d6n hozz\u00e1j\u00e1rul ahhoz, hogy a SELLERLOGIC GmbH felhaszn\u00e1lja \u00e9s megossza szem\u00e9lyes adatait marketing c\u00e9lokra. \u00d6n azt is elfogadja, hogy a SELLERLOGIC GmbH \u00e1tadhatja az \u00d6n \u00e1ltal megadott inform\u00e1ci\u00f3kat a r\u00e9szt vev\u0151 webin\u00e1rium-partnereinknek, akik az adatokat saj\u00e1t adatv\u00e9delmi ir\u00e1nyelveiknek megfelel\u0151en \u00e9s a GDPR vonatkoz\u00f3 jogi k\u00f6vetelm\u00e9nyeinek betart\u00e1s\u00e1val t\u00e1rolj\u00e1k, \u00e9s marketing anyagok biztos\u00edt\u00e1sa c\u00e9lj\u00e1b\u00f3l feldolgozz\u00e1k.<\/p><\/form><\/div><hr class=\"theme-wp-block wp-block-separator has-css-opacity\"><\/hr><p class=\"theme-wp-block gb-responsive-658111-identifier\">A webin\u00e1riumra val\u00f3 regisztr\u00e1ci\u00f3hoz el\u0151zetesen enged\u00e9lyeznie kell az \u00f6sszes s\u00fctit. A be\u00e1ll\u00edt\u00e1sok m\u00f3dos\u00edt\u00e1s\u00e1hoz k\u00e9rj\u00fck, kattintson az al\u00e1bbi gombra.<\/p><p class=\"theme-wp-block\"><span class=\"borlabs-cookie-open-dialog-preferences brlbs-cmpnt-container\" data-borlabs-cookie-title=\"S\u00fcti be\u00e1ll\u00edt\u00e1sok megnyit\u00e1sa\" data-borlabs-cookie-type=\"button\" ><\/span><\/p><\/div><\/div><\/div><\/div>\t\t\t<\/div>\n\t\t<\/div>\n\t<\/div>\n\t<div  class=\"theme-wp-block theme-block-text-and-text-column gb-responsive-761697-identifier\">\n\t\t<div class=\"inner-wrap-column-content\">\n\t\t\t<div class=\"inner-column-content\">\n\t\t\t\t\t\t\t<\/div>\n\t\t<\/div>\n\t<\/div>\n\t\t\t<\/div>\n\t\t<\/div>\n\t<\/div>\n\n\t\t<\/div>\n\t<\/div>\n\n<div class=\"theme-wp-block wp-block-columns alignfull are-vertically-aligned-center desktop-align-full xl-align-full lg-align-full md-align-full sm-align-full gb-responsive-162396-identifier has-theme-light-gray-background-color has-background is-layout-flex wp-container-core-columns-is-layout-9d6595d7 wp-block-columns-is-layout-flex\"><div class=\"theme-wp-block wp-block-column is-vertically-aligned-center gb-responsive-969772-identifier is-layout-flow wp-block-column-is-layout-flow\" style=\"flex-basis:25%\"><\/div><div class=\"theme-wp-block wp-block-column is-vertically-aligned-center gb-responsive-872757-identifier is-layout-flow wp-block-column-is-layout-flow\" style=\"flex-basis:50%\"><div style=\"height:20px\" aria-hidden=\"true\" class=\"theme-wp-block wp-block-spacer\"><\/div><h2 class=\"theme-wp-block wp-block-heading gb-responsive-995743-identifier\">T\u00f6bbcsatorn\u00e1s: F\u00fcggetlens\u00e9g az Amazont\u00f3l? <br>Vagy tiszta ut\u00f3pia?<\/h2><h3 class=\"theme-wp-block wp-block-heading gb-responsive-330077-identifier\">Webin\u00e1rium podcast form\u00e1tumban Annemarie Raluca Schusterrel<\/h3><p class=\"theme-wp-block gb-responsive-312004-identifier\">Az Amazon 53 sz\u00e1zal\u00e9kos bev\u00e9teli r\u00e9szesed\u00e9ssel uralja a n\u00e9met online kiskereskedelmi piacot. A n\u00e9met online v\u00e1s\u00e1rl\u00f3k k\u00f6r\u00fclbel\u00fcl 94 sz\u00e1zal\u00e9ka v\u00e1s\u00e1rolt m\u00e1r valaha az Amazont\u00f3l. Csak N\u00e9metorsz\u00e1gban az Amazonnak k\u00f6r\u00fclbel\u00fcl 46,2 milli\u00f3 \u00fcgyfele van. Ez felveti a k\u00e9rd\u00e9st, hogy az Amazon jelenleg az egyetlen m\u00f3dja-e a sikeres online \u00fczletnek. Ugyanakkor az online elad\u00f3k jelent\u0151sen cs\u00f6kkenteni akarj\u00e1k az Amazonra val\u00f3 f\u00fcgg\u0151s\u00e9g\u00fcket. De milyen akad\u00e1lyokkal szembes\u00fclnek az elad\u00f3k az olyan nagy piacterekt\u0151l, mint az Amazon, val\u00f3 f\u00fcggetlens\u00e9g fel\u00e9 vezet\u0151 \u00faton?<\/p><p class=\"theme-wp-block gb-responsive-541245-identifier\">Annemarie Raluca Schuster a &#8220;T\u00f6bbcsatorn\u00e1s: F\u00fcggetlens\u00e9g az Amazont\u00f3l? Vagy tiszta ut\u00f3pia?&#8221; c\u00edm\u0171 webin\u00e1riumunkban podcast form\u00e1tumban elmagyar\u00e1zza, hogyan pozicion\u00e1lja a &#8220;SiAura Materials&#8221; m\u00e1rk\u00e1j\u00e1t t\u00f6bb piact\u00e9ren, \u00e9s hogyan kezeli a folyamatosan v\u00e1ltoz\u00f3 kih\u00edv\u00e1sokat \u00e9s innov\u00e1ci\u00f3kat, hogy sikeresen tudjon \u00e9rt\u00e9kes\u00edteni.<\/p>\t\t<div  class=\"theme-wp-block theme-block-guest-author gb-responsive-122623-identifier\">\n\t\t<div class=\"wrap-inner-content\">\n\t\t\t<div class=\"guest-author-avatar\">\n\t\t\t\t<div class=\"cover-avatar\" style=\"background-image: url(https:\/\/d2bw95mh2ee04s.cloudfront.net\/prod\/content\/wp-content\/uploads\/2022\/02\/23140433\/annemarie-raluca-schuster-siaura-material.png);\"><\/div>\n\t\t\t<\/div>\n\t\t\t<div class=\"guest-author-sign\">\n\t\t\t\t<div class=\"author-sign\">SiAura Materials &#038; Annythinks<\/div>\n\t\t\t<\/div>\n\t\t\t<div class=\"wrap-title\">\n\t\t\t\t<div class=\"guest-author-name\">\n\t\t\t\t\t<div class=\"title\">\n\t\t\t\t\t\t<div class=\"heading-text\">Annemarie Raluca Schuster<\/div>\n\t\t\t\t\t<\/div>\n\t\t\t\t<\/div>\n\t\t\t<\/div>\n\t\t\t<div class=\"guest-author-description\">\n\t\t\t\t<div class=\"description\"><p>A &#8220;SiAura Materials&#8221; \u00e9s az &#8220;Annythinks&#8221; e-kereskedelmi \u00fcgyn\u00f6ks\u00e9g vez\u00e9rigazgat\u00f3jak\u00e9nt \u00e9s alap\u00edt\u00f3jak\u00e9nt 2013 \u00f3ta sikeresen m\u0171k\u00f6dik online elad\u00f3k\u00e9nt k\u00fcl\u00f6nb\u00f6z\u0151 piactereken, mint az Amazon, Etsy \u00e9s eBay. M\u00e1rk\u00e1j\u00e1val t\u00f6bb mint 3,000 k\u00e9zm\u0171ves \u00e9s k\u00e9zzel k\u00e9sz\u00fclt term\u00e9ket kezel. 2018-ban megalap\u00edtotta saj\u00e1t e-kereskedelmi \u00fcgyn\u00f6ks\u00e9g\u00e9t, az &#8220;Annythinks&#8221;-t, \u00e9s online elad\u00f3kat tan\u00e1csol az online \u00e9rt\u00e9kes\u00edt\u00e9s ter\u00e9n. K\u00e9pzett informatikusk\u00e9nt nagyra \u00e9rt\u00e9keli a dinamikus \u00e9s intelligens eszk\u00f6z\u00f6k haszn\u00e1lat\u00e1t, \u00e9s a folyamatok automatiz\u00e1l\u00e1s\u00e1ra \u00f6sszpontos\u00edt.<\/p><\/div>\n\t\t\t<\/div>\n\t\t<\/div>\n\t<\/div>\n\n<\/div><div class=\"theme-wp-block wp-block-column is-vertically-aligned-center gb-responsive-678736-identifier is-layout-flow wp-block-column-is-layout-flow\" style=\"flex-basis:25%\"><\/div><\/div><div class=\"theme-block-group-wrap  desktop-align-full xl-align-full lg-align-full md-align-full sm-align-full\"><div class=\"theme-wp-block wp-block-group alignfull questions desktop-align-full xl-align-full lg-align-full md-align-full sm-align-full gb-responsive-identifier-981778 desktop-gb-has-no-icon xl-gb-has-no-icon lg-gb-has-no-icon md-gb-has-no-icon sm-gb-has-no-icon\">\t\t<h2  class=\"theme-wp-block theme-block-heading  desktop-align-center xl-align-center lg-align-center md-align-center sm-align-center desktop-text-center only-editor-has-text-align-center xl-text-center lg-text-center md-text-center sm-text-center gb-responsive-identifier-408021 aligncenter has-text-align\">\n\t\tVan k\u00e9rd\u00e9se?\t<\/h2>\n\n<p class=\"theme-wp-block has-text-align-center gb-responsive-identifier-361793 desktop-text-center xl-text-center lg-text-center md-text-center sm-text-center\">T\u00e1mogat\u00e1sunk sz\u00edvesen seg\u00edt \u00d6nnek.<\/p>\t\t<div  class=\"theme-wp-block theme-block-contact-phone gb-responsive-499055-identifier desktop-text-center xl-text-center lg-text-center md-text-center sm-text-center desktop-gb-has-no-icon xl-gb-has-no-icon lg-gb-has-no-icon md-gb-has-no-icon sm-gb-has-no-icon\">\n\t\t\t\t\t<svg class=\"icon\" width=\"24px\" height=\"24px\" viewBox=\"0 0 24 24\" version=\"1.1\" xmlns=\"http:\/\/www.w3.org\/2000\/svg\">\n\t\t\t\t\t\t<g id=\"global--menu-collapsed\" stroke=\"none\" stroke-width=\"1\" fill=\"none\" fill-rule=\"evenodd\" transform=\"translate(-24.000000, -8.000000)\">\n\t\t\t\t\t\t\t<g id=\"menu--2nd-level\">\n\t\t\t\t\t\t\t\t<g id=\"icn--phone-24px--blue\" transform=\"translate(24.000000, 8.000000)\">\n\t\t\t\t\t\t\t\t\t<polygon id=\"Shape\" points=\"0 0 24 0 24 24 0 24\"><\/polygon>\n\t\t\t\t\t\t\t\t\t<path d=\"M7,6 L7,18.6666667 L16.3333333,18.6666667 L16.3333333,6 L7,6 Z M5,4 L18.3333333,4 L18.3333333,20.6666667 L5,20.6666667 L5,4 Z M11.6666667,18.1666667 C12.126904,18.1666667 12.5,17.7935706 12.5,17.3333333 C12.5,16.873096 12.126904,16.5 11.6666667,16.5 C11.2064294,16.5 10.8333333,16.873096 10.8333333,17.3333333 C10.8333333,17.7935706 11.2064294,18.1666667 11.6666667,18.1666667 Z M6.66666667,15.8333333 L6.66666667,13.8333333 L16.6651355,13.8333333 L16.6651355,15.8333333 L6.66666667,15.8333333 Z\" id=\"Rectangle-20\" fill=\"#0055CC\" fill-rule=\"nonzero\"><\/path>\n\t\t\t\t\t\t\t\t<\/g>\n\t\t\t\t\t\t\t<\/g>\n\t\t\t\t\t\t<\/g>\n\t\t\t\t\t<\/svg>\n\t\t<span class=\"phone\">+49 211 900 64 120<\/span>\n\t<\/div>\n\n<\/div><\/div>","protected":false},"excerpt":{"rendered":"<p>T\u00f6bbcsatorn\u00e1s: F\u00fcggetlens\u00e9g az Amazont\u00f3l? Vagy tiszta ut\u00f3pia? Webin\u00e1rium podcast form\u00e1tumban Annemarie Raluca Schusterrel Az Amazon 53 sz\u00e1zal\u00e9kos bev\u00e9teli r\u00e9szesed\u00e9ssel uralja a n\u00e9met online kiskereskedelmi piacot. A n\u00e9met online v\u00e1s\u00e1rl\u00f3k k\u00f6r\u00fclbel\u00fcl 94 sz\u00e1zal\u00e9ka v\u00e1s\u00e1rolt m\u00e1r valaha az Amazont\u00f3l. Csak N\u00e9metorsz\u00e1gban az Amazonnak k\u00f6r\u00fclbel\u00fcl 46,2 milli\u00f3 \u00fcgyfele van. Ez felveti a k\u00e9rd\u00e9st, hogy az Amazon jelenleg az<\/p>\n","protected":false},"author":8,"featured_media":0,"parent":0,"menu_order":0,"comment_status":"closed","ping_status":"closed","template":"","meta":{"sidebar_recommended_resources":{"data":[]},"sidebar_header_settings":{"hide_buttons":{"register":false}},"_use_new_theme":false,"inline_featured_image":false,"footnotes":""},"class_list":["post-225267","page","type-page","status-publish","hentry"],"yoast_head":"<!-- This site is optimized with the Yoast SEO plugin v26.8 - https:\/\/yoast.com\/product\/yoast-seo-wordpress\/ -->\n<title>Regisztr\u00e1ci\u00f3 a webin\u00e1riumra | SELLERLOGIC - Smarte Tools f\u00fcr Amazon-Seller<\/title>\n<meta name=\"robots\" content=\"noindex, follow\" \/>\n<meta property=\"og:locale\" content=\"hu_HU\" \/>\n<meta property=\"og:type\" content=\"article\" \/>\n<meta property=\"og:title\" content=\"Regisztr\u00e1ci\u00f3 a webin\u00e1riumra | SELLERLOGIC - Smarte Tools f\u00fcr Amazon-Seller\" \/>\n<meta property=\"og:description\" content=\"T\u00f6bbcsatorn\u00e1s: F\u00fcggetlens\u00e9g az Amazont\u00f3l? Vagy tiszta ut\u00f3pia? Webin\u00e1rium podcast form\u00e1tumban Annemarie Raluca Schusterrel Az Amazon 53 sz\u00e1zal\u00e9kos bev\u00e9teli r\u00e9szesed\u00e9ssel uralja a n\u00e9met online kiskereskedelmi piacot. A n\u00e9met online v\u00e1s\u00e1rl\u00f3k k\u00f6r\u00fclbel\u00fcl 94 sz\u00e1zal\u00e9ka v\u00e1s\u00e1rolt m\u00e1r valaha az Amazont\u00f3l. Csak N\u00e9metorsz\u00e1gban az Amazonnak k\u00f6r\u00fclbel\u00fcl 46,2 milli\u00f3 \u00fcgyfele van. Ez felveti a k\u00e9rd\u00e9st, hogy az Amazon jelenleg az\" \/>\n<meta property=\"og:url\" content=\"https:\/\/www.sellerlogic.com\/hu\/registration-for-the-webinar\/\" \/>\n<meta property=\"og:site_name\" content=\"SELLERLOGIC - Smarte Tools f\u00fcr Amazon-Seller\" \/>\n<meta property=\"article:publisher\" content=\"https:\/\/www.facebook.com\/SellerLogic\/\" \/>\n<meta property=\"og:image\" content=\"https:\/\/d2bw95mh2ee04s.cloudfront.net\/prod\/content\/wp-content\/uploads\/2025\/06\/09094621\/Social-OG-Image-Link.jpg\" \/>\n\t<meta property=\"og:image:width\" content=\"2400\" \/>\n\t<meta property=\"og:image:height\" content=\"1270\" \/>\n\t<meta property=\"og:image:type\" content=\"image\/jpeg\" \/>\n<meta name=\"twitter:card\" content=\"summary_large_image\" \/>\n<meta name=\"twitter:site\" content=\"@sellerlogic\" \/>\n<meta name=\"twitter:label1\" content=\"Est. reading time\" \/>\n\t<meta name=\"twitter:data1\" content=\"2 minutes\" \/>\n<script type=\"application\/ld+json\" class=\"yoast-schema-graph\">{\"@context\":\"https:\/\/schema.org\",\"@graph\":[{\"@type\":\"WebPage\",\"@id\":\"https:\/\/www.sellerlogic.com\/hu\/registration-for-the-webinar\/\",\"url\":\"https:\/\/www.sellerlogic.com\/hu\/registration-for-the-webinar\/\",\"name\":\"Regisztr\u00e1ci\u00f3 a webin\u00e1riumra | SELLERLOGIC - Smarte Tools f\u00fcr Amazon-Seller\",\"isPartOf\":{\"@id\":\"https:\/\/www.sellerlogic.com\/hu\/#website\"},\"datePublished\":\"2022-03-17T08:40:47+00:00\",\"breadcrumb\":{\"@id\":\"https:\/\/www.sellerlogic.com\/hu\/registration-for-the-webinar\/#breadcrumb\"},\"inLanguage\":\"hu-HU\",\"potentialAction\":[{\"@type\":\"ReadAction\",\"target\":[\"https:\/\/www.sellerlogic.com\/hu\/registration-for-the-webinar\/\"]}]},{\"@type\":\"BreadcrumbList\",\"@id\":\"https:\/\/www.sellerlogic.com\/hu\/registration-for-the-webinar\/#breadcrumb\",\"itemListElement\":[{\"@type\":\"ListItem\",\"position\":1,\"name\":\"Home\",\"item\":\"https:\/\/www.sellerlogic.com\/hu\/\"},{\"@type\":\"ListItem\",\"position\":2,\"name\":\"Regisztr\u00e1ci\u00f3 a webin\u00e1riumra\"}]},{\"@type\":\"WebSite\",\"@id\":\"https:\/\/www.sellerlogic.com\/hu\/#website\",\"url\":\"https:\/\/www.sellerlogic.com\/hu\/\",\"name\":\"SELLERLOGIC - Smarte Tools f\u00fcr Amazon-Seller\",\"description\":\"Intelligente Prozessoptimierung und Gewinnmaximierung\",\"publisher\":{\"@id\":\"https:\/\/www.sellerlogic.com\/hu\/#organization\"},\"potentialAction\":[{\"@type\":\"SearchAction\",\"target\":{\"@type\":\"EntryPoint\",\"urlTemplate\":\"https:\/\/www.sellerlogic.com\/hu\/?s={search_term_string}\"},\"query-input\":{\"@type\":\"PropertyValueSpecification\",\"valueRequired\":true,\"valueName\":\"search_term_string\"}}],\"inLanguage\":\"hu-HU\"},{\"@type\":\"Organization\",\"@id\":\"https:\/\/www.sellerlogic.com\/hu\/#organization\",\"name\":\"SELLERLOGIC\",\"url\":\"https:\/\/www.sellerlogic.com\/hu\/\",\"logo\":{\"@type\":\"ImageObject\",\"inLanguage\":\"hu-HU\",\"@id\":\"https:\/\/www.sellerlogic.com\/hu\/#\/schema\/logo\/image\/\",\"url\":\"https:\/\/d2bw95mh2ee04s.cloudfront.net\/prod\/content\/wp-content\/uploads\/2025\/01\/02134814\/Property-Logo-Main.svg\",\"contentUrl\":\"https:\/\/d2bw95mh2ee04s.cloudfront.net\/prod\/content\/wp-content\/uploads\/2025\/01\/02134814\/Property-Logo-Main.svg\",\"width\":184,\"height\":40,\"caption\":\"SELLERLOGIC\"},\"image\":{\"@id\":\"https:\/\/www.sellerlogic.com\/hu\/#\/schema\/logo\/image\/\"},\"sameAs\":[\"https:\/\/www.facebook.com\/SellerLogic\/\",\"https:\/\/x.com\/sellerlogic\",\"https:\/\/www.instagram.com\/sellerlogic\/\",\"https:\/\/www.linkedin.com\/company\/18402037\/\",\"https:\/\/www.youtube.com\/channel\/UC-gULUur-fNj08sprantKsQ\"]}]}<\/script>\n<!-- \/ Yoast SEO plugin. -->","yoast_head_json":{"title":"Regisztr\u00e1ci\u00f3 a webin\u00e1riumra | SELLERLOGIC - Smarte Tools f\u00fcr Amazon-Seller","robots":{"index":"noindex","follow":"follow"},"og_locale":"hu_HU","og_type":"article","og_title":"Regisztr\u00e1ci\u00f3 a webin\u00e1riumra | SELLERLOGIC - Smarte Tools f\u00fcr Amazon-Seller","og_description":"T\u00f6bbcsatorn\u00e1s: F\u00fcggetlens\u00e9g az Amazont\u00f3l? Vagy tiszta ut\u00f3pia? Webin\u00e1rium podcast form\u00e1tumban Annemarie Raluca Schusterrel Az Amazon 53 sz\u00e1zal\u00e9kos bev\u00e9teli r\u00e9szesed\u00e9ssel uralja a n\u00e9met online kiskereskedelmi piacot. A n\u00e9met online v\u00e1s\u00e1rl\u00f3k k\u00f6r\u00fclbel\u00fcl 94 sz\u00e1zal\u00e9ka v\u00e1s\u00e1rolt m\u00e1r valaha az Amazont\u00f3l. Csak N\u00e9metorsz\u00e1gban az Amazonnak k\u00f6r\u00fclbel\u00fcl 46,2 milli\u00f3 \u00fcgyfele van. Ez felveti a k\u00e9rd\u00e9st, hogy az Amazon jelenleg az","og_url":"https:\/\/www.sellerlogic.com\/hu\/registration-for-the-webinar\/","og_site_name":"SELLERLOGIC - Smarte Tools f\u00fcr Amazon-Seller","article_publisher":"https:\/\/www.facebook.com\/SellerLogic\/","og_image":[{"width":2400,"height":1270,"url":"https:\/\/d2bw95mh2ee04s.cloudfront.net\/prod\/content\/wp-content\/uploads\/2025\/06\/09094621\/Social-OG-Image-Link.jpg","type":"image\/jpeg"}],"twitter_card":"summary_large_image","twitter_site":"@sellerlogic","twitter_misc":{"Est. reading time":"2 minutes"},"schema":{"@context":"https:\/\/schema.org","@graph":[{"@type":"WebPage","@id":"https:\/\/www.sellerlogic.com\/hu\/registration-for-the-webinar\/","url":"https:\/\/www.sellerlogic.com\/hu\/registration-for-the-webinar\/","name":"Regisztr\u00e1ci\u00f3 a webin\u00e1riumra | SELLERLOGIC - Smarte Tools f\u00fcr Amazon-Seller","isPartOf":{"@id":"https:\/\/www.sellerlogic.com\/hu\/#website"},"datePublished":"2022-03-17T08:40:47+00:00","breadcrumb":{"@id":"https:\/\/www.sellerlogic.com\/hu\/registration-for-the-webinar\/#breadcrumb"},"inLanguage":"hu-HU","potentialAction":[{"@type":"ReadAction","target":["https:\/\/www.sellerlogic.com\/hu\/registration-for-the-webinar\/"]}]},{"@type":"BreadcrumbList","@id":"https:\/\/www.sellerlogic.com\/hu\/registration-for-the-webinar\/#breadcrumb","itemListElement":[{"@type":"ListItem","position":1,"name":"Home","item":"https:\/\/www.sellerlogic.com\/hu\/"},{"@type":"ListItem","position":2,"name":"Regisztr\u00e1ci\u00f3 a webin\u00e1riumra"}]},{"@type":"WebSite","@id":"https:\/\/www.sellerlogic.com\/hu\/#website","url":"https:\/\/www.sellerlogic.com\/hu\/","name":"SELLERLOGIC - Smarte Tools f\u00fcr Amazon-Seller","description":"Intelligente Prozessoptimierung und Gewinnmaximierung","publisher":{"@id":"https:\/\/www.sellerlogic.com\/hu\/#organization"},"potentialAction":[{"@type":"SearchAction","target":{"@type":"EntryPoint","urlTemplate":"https:\/\/www.sellerlogic.com\/hu\/?s={search_term_string}"},"query-input":{"@type":"PropertyValueSpecification","valueRequired":true,"valueName":"search_term_string"}}],"inLanguage":"hu-HU"},{"@type":"Organization","@id":"https:\/\/www.sellerlogic.com\/hu\/#organization","name":"SELLERLOGIC","url":"https:\/\/www.sellerlogic.com\/hu\/","logo":{"@type":"ImageObject","inLanguage":"hu-HU","@id":"https:\/\/www.sellerlogic.com\/hu\/#\/schema\/logo\/image\/","url":"https:\/\/d2bw95mh2ee04s.cloudfront.net\/prod\/content\/wp-content\/uploads\/2025\/01\/02134814\/Property-Logo-Main.svg","contentUrl":"https:\/\/d2bw95mh2ee04s.cloudfront.net\/prod\/content\/wp-content\/uploads\/2025\/01\/02134814\/Property-Logo-Main.svg","width":184,"height":40,"caption":"SELLERLOGIC"},"image":{"@id":"https:\/\/www.sellerlogic.com\/hu\/#\/schema\/logo\/image\/"},"sameAs":["https:\/\/www.facebook.com\/SellerLogic\/","https:\/\/x.com\/sellerlogic","https:\/\/www.instagram.com\/sellerlogic\/","https:\/\/www.linkedin.com\/company\/18402037\/","https:\/\/www.youtube.com\/channel\/UC-gULUur-fNj08sprantKsQ"]}]}},"_links":{"self":[{"href":"https:\/\/www.sellerlogic.com\/hu\/wp-json\/wp\/v2\/pages\/225267","targetHints":{"allow":["GET"]}}],"collection":[{"href":"https:\/\/www.sellerlogic.com\/hu\/wp-json\/wp\/v2\/pages"}],"about":[{"href":"https:\/\/www.sellerlogic.com\/hu\/wp-json\/wp\/v2\/types\/page"}],"author":[{"embeddable":true,"href":"https:\/\/www.sellerlogic.com\/hu\/wp-json\/wp\/v2\/users\/8"}],"replies":[{"embeddable":true,"href":"https:\/\/www.sellerlogic.com\/hu\/wp-json\/wp\/v2\/comments?post=225267"}],"version-history":[{"count":0,"href":"https:\/\/www.sellerlogic.com\/hu\/wp-json\/wp\/v2\/pages\/225267\/revisions"}],"wp:attachment":[{"href":"https:\/\/www.sellerlogic.com\/hu\/wp-json\/wp\/v2\/media?parent=225267"}],"curies":[{"name":"wp","href":"https:\/\/api.w.org\/{rel}","templated":true}]}}